{"id":19021,"date":"2017-01-31T13:30:32","date_gmt":"2017-01-31T13:30:32","guid":{"rendered":"https:\/\/www.expotrade.com.ar\/media\/revista-fadeeac-2\/"},"modified":"2017-01-31T13:30:32","modified_gmt":"2017-01-31T13:30:32","slug":"revista-fadeeac","status":"publish","type":"page","link":"https:\/\/www.expotrade.com.ar\/en\/media\/revista-fadeeac\/","title":{"rendered":"Revista Fadeeac"},"content":{"rendered":"<div class=\"wpb-content-wrapper\"><p>[vc_row css_animation=&#8221;element_from_left&#8221; row_type=&#8221;row&#8221; use_row_as_full_screen_section=&#8221;no&#8221; type=&#8221;full_width&#8221; angled_section=&#8221;no&#8221; text_align=&#8221;left&#8221; background_image_as_pattern=&#8221;without_pattern&#8221;][vc_column width=&#8221;2\/3&#8243;][vc_single_image image=&#8221;16570&#8243; img_size=&#8221;full&#8221; onclick=&#8221;link_image&#8221; qode_css_animation=&#8221;&#8221;][\/vc_column][vc_column width=&#8221;1\/3&#8243;][vc_column_text]<\/p>\n<h2>Descripci\u00f3n<\/h2>\n<p>[\/vc_column_text][vc_separator type=&#8221;small&#8221; position=&#8221;left&#8221; thickness=&#8221;2px&#8221; up=&#8221;10px&#8221; down=&#8221;20px&#8221;][vc_column_text]FADEEAC es Transporte de Cargas &#8211;\u00a0Publicaci\u00f3n especializada para el Empresario del Transporte de Cargas.[\/vc_column_text][vc_empty_space]<a  itemprop=\"url\" href=\"https:\/\/expotrade.com.ar\/newsletters\/tp\/FT\/rf\/RF_Ficha_Tec.htm\" target=\"_blank\"  class=\"qbutton  default\" style=\"\">Ir al sitio<i class=\"qode_icon_font_awesome fa fa-angle-double-right qode_button_icon_element\" style=\"\" ><\/i><\/a>[\/vc_column][\/vc_row][vc_row css_animation=&#8221;&#8221; row_type=&#8221;row&#8221; use_row_as_full_screen_section=&#8221;no&#8221; type=&#8221;full_width&#8221; angled_section=&#8221;no&#8221; text_align=&#8221;left&#8221; background_image_as_pattern=&#8221;without_pattern&#8221; css=&#8221;.vc_custom_1485870731360{padding-bottom: 5% !important;}&#8221;][vc_column][vc_empty_space height=&#8221;50px&#8221;][vc_column_text]<\/p>\n<h3>Otros Productos<\/h3>\n<p>[\/vc_column_text][vc_separator type=&#8221;small&#8221; position=&#8221;left&#8221; thickness=&#8221;2px&#8221; up=&#8221;10px&#8221; down=&#8221;20px&#8221;][vc_row_inner row_type=&#8221;row&#8221; type=&#8221;full_width&#8221; text_align=&#8221;left&#8221; css_animation=&#8221;&#8221;][vc_column_inner width=&#8221;1\/4&#8243;][vc_single_image image=&#8221;16564&#8243; img_size=&#8221;full&#8221; alignment=&#8221;center&#8221; onclick=&#8221;custom_link&#8221; img_link_target=&#8221;_blank&#8221; qode_css_animation=&#8221;&#8221; link=&#8221;http:\/\/arlog.org\/&#8221;][vc_empty_space][vc_column_text]<\/p>\n<h5>Expo Transporte<\/h5>\n<p>[\/vc_column_text][vc_separator type=&#8221;small&#8221; position=&#8221;center&#8221; thickness=&#8221;1px&#8221; width=&#8221;100&#8243; width_in_percentages=&#8221;yes&#8221;][vc_column_text]<strong><a href=\"http:\/\/www.expotransporte.com.ar\/\" target=\"_blank\" rel=\"noopener\">11\u00ba Exposici\u00f3n de Transporte y de Carga<br \/>\n<\/a><\/strong><br \/>\n<span class=\"color:#c4c4c4;\">Exposici\u00f3n<\/span>[\/vc_column_text][\/vc_column_inner][vc_column_inner width=&#8221;1\/4&#8243;][vc_single_image image=&#8221;18931&#8243; img_size=&#8221;full&#8221; alignment=&#8221;center&#8221; onclick=&#8221;custom_link&#8221; img_link_target=&#8221;_blank&#8221; qode_css_animation=&#8221;&#8221; link=&#8221;http:\/\/exposign.com.ar\/&#8221;][vc_empty_space][vc_column_text]<\/p>\n<h5>Expo Sign\u00a02019<\/h5>\n<p>[\/vc_column_text][vc_separator type=&#8221;small&#8221; position=&#8221;center&#8221; thickness=&#8221;1px&#8221; width=&#8221;100&#8243; width_in_percentages=&#8221;yes&#8221;][vc_column_text]<a href=\"http:\/\/www.exposign.com.ar\/\" target=\"_blank\" rel=\"noopener\"><strong>18\u00ba Exposici\u00f3n Internacional de Comunicaci\u00f3n Visual<\/strong><br \/>\n<\/a><br \/>\n<span class=\"color:#c4c4c4;\">Exposici\u00f3n<\/span>[\/vc_column_text][\/vc_column_inner][vc_column_inner width=&#8221;1\/4&#8243;][vc_single_image image=&#8221;18935&#8243; img_size=&#8221;full&#8221; alignment=&#8221;center&#8221; onclick=&#8221;custom_link&#8221; img_link_target=&#8221;_blank&#8221; qode_css_animation=&#8221;&#8221; link=&#8221;https:\/\/www.expoclean.com.ar\/&#8221;][vc_empty_space][vc_column_text]<\/p>\n<h5>Expo Clean 2019<\/h5>\n<p>[\/vc_column_text][vc_separator type=&#8221;small&#8221; position=&#8221;center&#8221; thickness=&#8221;1px&#8221; width=&#8221;100&#8243; width_in_percentages=&#8221;yes&#8221;][vc_column_text]<a href=\"https:\/\/www.expoclean.com.ar\/\" target=\"_blank\" rel=\"noopener\"><strong>11\u00ba Exposici\u00f3n internacional de limpieza e higiene industrial y em <\/strong><br \/>\n<\/a><br \/>\n<span class=\"color:#c4c4c4;\">Exposici\u00f3n<\/span>[\/vc_column_text][\/vc_column_inner][vc_column_inner width=&#8221;1\/4&#8243;][vc_single_image image=&#8221;16551&#8243; img_size=&#8221;full&#8221; alignment=&#8221;center&#8221; onclick=&#8221;custom_link&#8221; qode_css_animation=&#8221;&#8221; link=&#8221;http:\/\/www.expologisti-k.com.ar&#8221;][vc_empty_space][vc_column_text]<\/p>\n<h5>Expo Logisti-k<\/h5>\n<p>[\/vc_column_text][vc_separator type=&#8221;small&#8221; position=&#8221;center&#8221; thickness=&#8221;1px&#8221; width=&#8221;100&#8243; width_in_percentages=&#8221;yes&#8221;][vc_column_text]<\/p>\n<div class=\"tz_meetup_slider_home_text\">\n<p><a href=\"http:\/\/www.expologisti-k.com.ar\"><strong>13\u00b0 Exposici\u00f3n Internacional de Equipamiento, Tecnolog\u00eda y Soluciones para la Log\u00edstica,\u00a0<\/strong><\/a><\/p>\n<\/div>\n<p><span class=\"color:#c4c4c4;\">Exposici\u00f3n<\/span>[\/vc_column_text][\/vc_column_inner][\/vc_row_inner][\/vc_column][\/vc_row]<\/p>\n<\/div>","protected":false},"excerpt":{"rendered":"<p>[vc_row css_animation=&#8221;element_from_left&#8221; row_type=&#8221;row&#8221; use_row_as_full_screen_section=&#8221;no&#8221; type=&#8221;full_width&#8221; angled_section=&#8221;no&#8221; text_align=&#8221;left&#8221; background_image_as_pattern=&#8221;without_pattern&#8221;][vc_column width=&#8221;2\/3&#8243;][vc_single_image image=&#8221;16570&#8243; img_size=&#8221;full&#8221; onclick=&#8221;link_image&#8221; qode_css_animation=&#8221;&#8221;][\/vc_column][vc_column width=&#8221;1\/3&#8243;][vc_column_text] Descripci\u00f3n [\/vc_column_text][vc_separator type=&#8221;small&#8221; position=&#8221;left&#8221; thickness=&#8221;2px&#8221; up=&#8221;10px&#8221; down=&#8221;20px&#8221;][vc_column_text]FADEEAC es Transporte de Cargas &#8211;\u00a0Publicaci\u00f3n especializada para el Empresario del Transporte de Cargas.[\/vc_column_text][vc_empty_space][\/vc_column][\/vc_row][vc_row css_animation=&#8221;&#8221; row_type=&#8221;row&#8221; use_row_as_full_screen_section=&#8221;no&#8221; type=&#8221;full_width&#8221; angled_section=&#8221;no&#8221; text_align=&#8221;left&#8221; background_image_as_pattern=&#8221;without_pattern&#8221; css=&#8221;.vc_custom_1485870731360{padding-bottom: 5% !important;}&#8221;][vc_column][vc_empty_space height=&#8221;50px&#8221;][vc_column_text]&#8230;<\/p>\n","protected":false},"author":13341,"featured_media":0,"parent":17704,"menu_order":1,"comment_status":"closed","ping_status":"closed","template":"","meta":{"footnotes":"","_wp_rev_ctl_limit":""},"class_list":["post-19021","page","type-page","status-publish","hentry"],"_links":{"self":[{"href":"https:\/\/www.expotrade.com.ar\/en\/wp-json\/wp\/v2\/pages\/19021","targetHints":{"allow":["GET"]}}],"collection":[{"href":"https:\/\/www.expotrade.com.ar\/en\/wp-json\/wp\/v2\/pages"}],"about":[{"href":"https:\/\/www.expotrade.com.ar\/en\/wp-json\/wp\/v2\/types\/page"}],"author":[{"embeddable":true,"href":"https:\/\/www.expotrade.com.ar\/en\/wp-json\/wp\/v2\/users\/13341"}],"replies":[{"embeddable":true,"href":"https:\/\/www.expotrade.com.ar\/en\/wp-json\/wp\/v2\/comments?post=19021"}],"version-history":[{"count":0,"href":"https:\/\/www.expotrade.com.ar\/en\/wp-json\/wp\/v2\/pages\/19021\/revisions"}],"up":[{"embeddable":true,"href":"https:\/\/www.expotrade.com.ar\/en\/wp-json\/wp\/v2\/pages\/17704"}],"wp:attachment":[{"href":"https:\/\/www.expotrade.com.ar\/en\/wp-json\/wp\/v2\/media?parent=19021"}],"curies":[{"name":"wp","href":"https:\/\/api.w.org\/{rel}","templated":true}]}}